{"id":901,"date":"2021-01-31T12:12:48","date_gmt":"2021-01-31T12:12:48","guid":{"rendered":"https:\/\/integ-bilingual-college.com\/?page_id=901"},"modified":"2021-02-11T20:34:20","modified_gmt":"2021-02-11T20:34:20","slug":"covid-19-pandemic","status":"publish","type":"page","link":"https:\/\/integ-bilingual-college.com\/fr\/covid-19-pandemic\/","title":{"rendered":"COVID-19 Pandemic :"},"content":{"rendered":"<h1>Pand\u00e9mie Covid-19<br \/>\n<\/h1>\n<p>Depuis la fin de l\u2019ann\u00e9e 2019 le monde entier est soumis \u00e0 une maladie \u00e9mergente appel\u00e9e la maladie du Coronavirus &#8211; Covid 19. Cette pand\u00e9mie a soumis les populations du monde entier \u00e0 une p\u00e9riode de confinement pour \u00e9viter les contagions massives.<\/p>\n<p>Apr\u00e8s que les \u00e9l\u00e8ves aient repris les cours, l\u2019IBC a mis en place des pr\u00e9cautions sanitaires strictes dans l\u2019enceinte de ses locaux. Les mesures de distanciations, la soumission aux r\u00e8gles d\u2019hygi\u00e8ne \u2013 port du masque et application de solutions hydro alcooliques ont \u00e9t\u00e9 scrupuleusement \u00e9tablis. Le personnel enseignant ainsi que<br \/>\nles surveillants veillent \u00e0 leur application avec une enti\u00e8re rigueur.<\/p>\n<p>Nous appelons \u00e9galement les parents d\u2019\u00e9l\u00e8ves \u00e0 sensibiliser leurs enfants depuis la maison afin de les prot\u00e9ger, eux et le personnel enseignant.<\/p>\n<p>Malgr\u00e9 cette p\u00e9riode de rel\u00e2chement au niveau du programme des cours, nous nous effor\u00e7ons \u00e0 poursuivre le programme scolaire dans son int\u00e9gralit\u00e9 en mettant un accent particulier sur les \u00e9l\u00e8ves en classe d\u2019examen.\n<\/p>\n<ul>\n<li>\n\t\t\t\t\t\t\t\t\t<\/li>\n<\/ul>\n","protected":false},"excerpt":{"rendered":"<p>Pand\u00e9mie Covid-19 Depuis la fin de l\u2019ann\u00e9e 2019 le monde entier est soumis \u00e0 une maladie \u00e9mergente appel\u00e9e la maladie du Coronavirus &#8211; Covid 19. Cette pand\u00e9mie a soumis les populations du monde entier \u00e0 une p\u00e9riode de confinement pour \u00e9viter les contagions massives. Apr\u00e8s que les \u00e9l\u00e8ves aient repris les cours, l\u2019IBC a mis &hellip;<\/p>\n<p class=\"read-more\"> <a class=\"\" href=\"https:\/\/integ-bilingual-college.com\/fr\/covid-19-pandemic\/\"> <span class=\"screen-reader-text\">COVID-19 Pandemic :<\/span> Read More &raquo;<\/a><\/p>\n","protected":false},"author":1,"featured_media":0,"parent":0,"menu_order":0,"comment_status":"closed","ping_status":"closed","template":"","meta":{"site-sidebar-layout":"no-sidebar","site-content-layout":"page-builder","ast-main-header-display":"","ast-hfb-above-header-display":"","ast-hfb-below-header-display":"","ast-hfb-mobile-header-display":"","site-post-title":"disabled","ast-breadcrumbs-content":"","ast-featured-img":"disabled","footer-sml-layout":"","theme-transparent-header-meta":"default","adv-header-id-meta":"","stick-header-meta":"","header-above-stick-meta":"","header-main-stick-meta":"","header-below-stick-meta":""},"translation":{"provider":"WPGlobus","version":"2.8.8","language":"fr","enabled_languages":["en","fr"],"languages":{"en":{"title":true,"content":true,"excerpt":false},"fr":{"title":true,"content":true,"excerpt":false}}},"_links":{"self":[{"href":"https:\/\/integ-bilingual-college.com\/fr\/wp-json\/wp\/v2\/pages\/901"}],"collection":[{"href":"https:\/\/integ-bilingual-college.com\/fr\/wp-json\/wp\/v2\/pages"}],"about":[{"href":"https:\/\/integ-bilingual-college.com\/fr\/wp-json\/wp\/v2\/types\/page"}],"author":[{"embeddable":true,"href":"https:\/\/integ-bilingual-college.com\/fr\/wp-json\/wp\/v2\/users\/1"}],"replies":[{"embeddable":true,"href":"https:\/\/integ-bilingual-college.com\/fr\/wp-json\/wp\/v2\/comments?post=901"}],"version-history":[{"count":64,"href":"https:\/\/integ-bilingual-college.com\/fr\/wp-json\/wp\/v2\/pages\/901\/revisions"}],"predecessor-version":[{"id":2950,"href":"https:\/\/integ-bilingual-college.com\/fr\/wp-json\/wp\/v2\/pages\/901\/revisions\/2950"}],"wp:attachment":[{"href":"https:\/\/integ-bilingual-college.com\/fr\/wp-json\/wp\/v2\/media?parent=901"}],"curies":[{"name":"wp","href":"https:\/\/api.w.org\/{rel}","templated":true}]}}