{"id":407,"date":"2021-01-27T16:44:00","date_gmt":"2021-01-27T16:44:00","guid":{"rendered":"https:\/\/integ-bilingual-college.com\/?page_id=407"},"modified":"2021-02-12T20:20:13","modified_gmt":"2021-02-12T20:20:13","slug":"open-days","status":"publish","type":"page","link":"https:\/\/integ-bilingual-college.com\/fr\/open-days\/","title":{"rendered":"They talk about us"},"content":{"rendered":"<h1>On parle de nous<\/h1>\n<h2>Journ\u00e9es portes-ouvertes<\/h2>\n<p>Dans la vie de votre enfant, l&#8217;entr\u00e9e dans un nouveau coll\u00e8ge est un moment important. Nouveau lieu, nouveaux<br \/>\nrythmes, nouvelles mati\u00e8res et nouveaux camarades&#8230; Pas \u00e9tonnant que pour certains enfants, ces changements<br \/>\nsoient parfois source d&#8217;anxi\u00e9t\u00e9 et de nombreuses questions.<\/p>\n<ul>\n<li>\n\t\t\t\t\t\t\t\t\t<\/li>\n<\/ul>\n<p>Pour les rassurer, IBC organise les journ\u00e9es porte-ouvertes une fois par an. L\u2019occasion est donn\u00e9e de d\u00e9couvrir<br \/>\nnotre \u00e9cole, ses am\u00e9nagements, ses formations, ses enseignants et son ambiance ! C\u2019est le moment propice \u00e0<br \/>\nl\u2019information et \u00e0 la convivialit\u00e9, tout en initiant un lien essentiel dans la relation \u00e9cole\/famille.<\/p>\n<ul>\n<li>\n\t\t\t\t\t\t\t\t\t<\/li>\n<\/ul>\n<p>Les \u00e9l\u00e8ves et les parents ont la possibilit\u00e9 de se renseigner sur toutes les questions relatives \u00e0 leurs projets et<br \/>\nenvies. L\u2019\u00e9quipe p\u00e9dagogique et les \u00e9l\u00e8ves d\u00e9j\u00e0 inscrits sont \u00e0 votre \u00e9coute pour vous faire part de leurs<br \/>\nprogrammes et les exp\u00e9riences v\u00e9cues \u00e0 l\u2019\u00e9cole.\n<\/p>\n<p>\t\t\t\t\t\t\t\t\t\t<img width=\"580\" height=\"452\" src=\"https:\/\/integ-bilingual-college.com\/wp-content\/uploads\/2021\/01\/2222.png\" alt=\"\" loading=\"lazy\" srcset=\"https:\/\/integ-bilingual-college.com\/wp-content\/uploads\/2021\/01\/2222.png 580w, https:\/\/integ-bilingual-college.com\/wp-content\/uploads\/2021\/01\/2222-300x234.png 300w\" sizes=\"(max-width: 580px) 100vw, 580px\" \/>\t\t\t\t\t\t\t\t\t\t\t<\/p>\n<p>Parents et enseignants \u00e0 la fin d\u2019une s\u00e9ance de l\u2019\u00e9cole des parents<\/p>\n<h2>Tournois sportifs<br \/>\n<\/h2>\n<ul>\n<li>\n\t\t\t\t\t\t\t\t\t<\/li>\n<\/ul>\n<p>Pleinement int\u00e9gr\u00e9s au projet d\u2019\u00e9tablissement, les tournois sportifs interclasses ou inter coll\u00e8ges sont organis\u00e9s<br \/>\nr\u00e9guli\u00e8rement. Ceci contribue \u00e0 augmenter les performances scolaires tout en am\u00e9liorant les comportements de<br \/>\njeunes afin qu\u2019ils soient \u00ab mieux dans leur peau \u00bb. Se cr\u00e9ent \u00e9galement pour les \u00e9l\u00e8ves un sentiment<br \/>\nd\u2019appartenance \u00e0 l\u2019\u00e9tablissement et un d\u00e9veloppement d\u2019esprit d\u2019\u00e9quipe, ce qui influence positivement leur<br \/>\nperformance scolaire.\n<\/p>\n<p>\t\t\t\t\t\t\t\t\t\t<img width=\"500\" height=\"333\" src=\"https:\/\/integ-bilingual-college.com\/wp-content\/uploads\/2021\/01\/pexels-photo-1375148.jpeg\" alt=\"\" loading=\"lazy\" srcset=\"https:\/\/integ-bilingual-college.com\/wp-content\/uploads\/2021\/01\/pexels-photo-1375148.jpeg 500w, https:\/\/integ-bilingual-college.com\/wp-content\/uploads\/2021\/01\/pexels-photo-1375148-300x200.jpeg 300w\" sizes=\"(max-width: 500px) 100vw, 500px\" \/>\t\t\t\t\t\t\t\t\t\t\t<\/p>\n<h2>VIE ASSOCIATIVE<\/h2>\n<ul>\n<li>\n\t\t\t\t\t\t\t\t\t<\/li>\n<\/ul>\n<p>Comme un prolongement des affinit\u00e9s d\u00e9j\u00e0 existantes dans les cours, les clubs renforcent la coh\u00e9sion des \u00e9l\u00e8ves<br \/>\ndans un cadre plut\u00f4t r\u00e9cr\u00e9atif et strat\u00e9gique en m\u00eame temps. Nous comptons plusieurs associations parmi<br \/>\nlesquelles :\n<\/p>\n<p style=\"text-align: left;\" align=\"justify\"><strong>\u00a0<\/strong><\/p>\n<p style=\"text-align: left;\" align=\"justify\"><strong>Le club S\u00c9CURIT\u00c9<\/strong>\u00a0&#8211; il a pour r\u00f4le d\u2019assurer l\u2019ordre et la discipline au sein du campus<\/p>\n<p style=\"text-align: left;\" align=\"justify\"><strong>Le club DANSE<\/strong>\u00a0&#8211; d\u00e9velopper au sein des \u00e9l\u00e8ves les aptitudes, des gestuels et provoquer la vocation<\/p>\n<p style=\"text-align: left;\" align=\"justify\"><strong>DEFILES de mode<\/strong>\u00a0&#8211; s\u2019articule autour de la maitrise de soi et le d\u00e9veloppement de la gestuelle<\/p>\n<p style=\"text-align: left;\" align=\"justify\"><strong>Le club des MAJORETTES<\/strong>\u00a0&#8211; d\u00e9veloppe la maitrise de soi et captive la foule afin d\u2019animer des \u00e9v\u00e8nements<\/p>\n<p style=\"text-align: left;\" align=\"justify\"><strong>La CHORALE<\/strong>\u00a0&#8211; regroupe les \u00e9l\u00e8ves qui ont un amour particulier pour le chant<\/p>\n<p style=\"text-align: left;\" align=\"justify\"><strong>Les ARTS et METIERS<\/strong>\u00a0&#8211; favorise le d\u00e9veloppement d\u2019aptitudes personnelles aidant ainsi \u00e0 d\u00e9couvrir les vocations personnelles\u00a0<\/p>\n<p style=\"text-align: left;\" align=\"justify\"><strong>Le club ELECTROTECHNIQUE<\/strong>\u00a0&#8211; d\u00e9velopper les aptitudes techniques, \u00e9veiller les talents et susciter la vocation des \u00e9l\u00e8ves\u00a0<\/p>\n<p style=\"text-align: left;\" align=\"justify\"><strong>Le club DRAMA <\/strong>\u00a0&#8211; soutient l\u2019esprit de cr\u00e9ativit\u00e9 des \u00e9l\u00e8ves<\/p>\n<p style=\"text-align: left;\" align=\"justify\"><strong>Le club HYGIENE<\/strong>\u00a0&#8211; enseigne aux \u00e9l\u00e8ves \u00e0 prendre soin d\u2019eux et de leur environnement<\/p>\n<p style=\"text-align: left;\" align=\"justify\"><b>Le club SANTE<\/b>\u00a0&#8211; permet aux \u00e9l\u00e8ves de r\u00e9agir en cas d\u2019accident et de procurer les premiers secours\u00a0<\/p>\n<p style=\"text-align: left;\" align=\"justify\"><strong>LE club SPORT<\/strong>\u00a0&#8211; le sport apporte aux apprenants une certaines coh\u00e9sion et le respect des autres \u00e0 travers les r\u00e8gles impos\u00e9es. Il permet aussi de lutter contre l\u2019ob\u00e9sit\u00e9\u00a0<\/p>\n<p style=\"text-align: left;\" align=\"justify\"><strong>Le club MUSIQUE<\/strong>\u00a0&#8211; d\u00e9veloppe au sein des \u00e9l\u00e8ves l\u2019esprit de cr\u00e9ativit\u00e9 dans l\u2019art<\/p>\n<p style=\"text-align: left;\" align=\"justify\"><strong>Le club ENVIRONEMENT<\/strong>\u00a0&#8211; apermet d\u2019apprendre le respect des r\u00e8gles de l\u2019environnement et de d\u00e9couvrir ceux qui ont la main verte<\/p>\n<p>\t\t\t\t\t\t\t\t\t\t<img width=\"584\" height=\"373\" src=\"https:\/\/integ-bilingual-college.com\/wp-content\/uploads\/2021\/01\/3333333.png\" alt=\"\" loading=\"lazy\" srcset=\"https:\/\/integ-bilingual-college.com\/wp-content\/uploads\/2021\/01\/3333333.png 584w, https:\/\/integ-bilingual-college.com\/wp-content\/uploads\/2021\/01\/3333333-300x192.png 300w\" sizes=\"(max-width: 584px) 100vw, 584px\" \/>\t\t\t\t\t\t\t\t\t\t\t<\/p>\n<h2>Les \u00e9l\u00e8ves en pleine activit\u00e9s culturelles pendant la semaine de la jeunesse<\/h2>\n<h2>F\u00eate de la jeunesse <\/h2>\n<ul>\n<li>\n\t\t\t\t\t\t\t\t\t<\/li>\n<\/ul>\n<p>Pendant la semaine de la jeunesse au courant du mois de F\u00e9vrier, les \u00e9l\u00e8ves s\u2019adonnent \u00e0 plusieurs activit\u00e9s r\u00e9cr\u00e9atives parmi lesquelles :<\/p>\n<p style=\"text-align: left;\" align=\"justify\"><strong>Des sessions de d\u00e9fil\u00e9 de mode<\/strong><\/p>\n<p style=\"text-align: left;\" align=\"justify\"><strong>Le jeu des incollables<\/strong><\/p>\n<p style=\"text-align: left;\" align=\"justify\"><strong>Le jeu de la course dans le sac\u00a0<\/strong><\/p>\n<p style=\"text-align: left;\" align=\"justify\"><strong>Les danses traditionnelles et modernes\u00a0<\/strong><\/p>\n<p style=\"text-align: left;\" align=\"justify\"><strong>Des concerts donn\u00e9s par un groupe de choristes\u00a0<\/strong><\/p>\n<p style=\"text-align: left;\" align=\"justify\"><strong>Art dramatique<\/strong><\/p>\n<p style=\"text-align: left;\" align=\"justify\"><strong>Lutte traditionnelle<\/strong><\/p>\n<p>\t\t\t\t\t\t\t\t\t\t<img width=\"1024\" height=\"682\" src=\"https:\/\/integ-bilingual-college.com\/wp-content\/uploads\/2021\/01\/people-3137672_1280-1024x682.jpg\" alt=\"\" loading=\"lazy\" srcset=\"https:\/\/integ-bilingual-college.com\/wp-content\/uploads\/2021\/01\/people-3137672_1280-1024x682.jpg 1024w, https:\/\/integ-bilingual-college.com\/wp-content\/uploads\/2021\/01\/people-3137672_1280-300x200.jpg 300w, https:\/\/integ-bilingual-college.com\/wp-content\/uploads\/2021\/01\/people-3137672_1280-768x512.jpg 768w, https:\/\/integ-bilingual-college.com\/wp-content\/uploads\/2021\/01\/people-3137672_1280.jpg 1080w\" sizes=\"(max-width: 1024px) 100vw, 1024px\" \/>\t\t\t\t\t\t\t\t\t\t\t<\/p>\n<h2>F\u00eate de la rentr\u00e9e pour enseignants et personnel administratif<\/h2>\n<ul>\n<li>\n\t\t\t\t\t\t\t\t\t<\/li>\n<\/ul>\n<p>On ne le dira jamais assez : manger demeure l\u2019un des meilleurs moyens d\u2019\u00eatre et de demeurer en contact avec d\u2019autres. C\u2019est l\u2019occasion d\u2019\u00e9changer, de resserrer des liens, de se confier et m\u00eame de travailler. C\u2019est dans cet \u00e9lan que les enseignants et le directoire de l\u2019IBC se r\u00e9unissent une fois par an avant la rentr\u00e9e des classes pour partager un repas dans la convivialit\u00e9. C&#8217;est aussi le moment de discuter de tout sujet concernant le milieu scolaire.&nbsp;<\/p>\n<p>\t\t\t\t\t\t\t\t\t\t<img width=\"1024\" height=\"682\" src=\"https:\/\/integ-bilingual-college.com\/wp-content\/uploads\/2021\/01\/food-4203185_1280-1024x682.jpg\" alt=\"\" loading=\"lazy\" srcset=\"https:\/\/integ-bilingual-college.com\/wp-content\/uploads\/2021\/01\/food-4203185_1280-1024x682.jpg 1024w, https:\/\/integ-bilingual-college.com\/wp-content\/uploads\/2021\/01\/food-4203185_1280-300x200.jpg 300w, https:\/\/integ-bilingual-college.com\/wp-content\/uploads\/2021\/01\/food-4203185_1280-768x512.jpg 768w, https:\/\/integ-bilingual-college.com\/wp-content\/uploads\/2021\/01\/food-4203185_1280.jpg 1080w\" sizes=\"(max-width: 1024px) 100vw, 1024px\" \/><\/p>\n","protected":false},"excerpt":{"rendered":"<p>On parle de nous Journ\u00e9es portes-ouvertes Dans la vie de votre enfant, l&#8217;entr\u00e9e dans un nouveau coll\u00e8ge est un moment important. Nouveau lieu, nouveaux rythmes, nouvelles mati\u00e8res et nouveaux camarades&#8230; Pas \u00e9tonnant que pour certains enfants, ces changements soient parfois source d&#8217;anxi\u00e9t\u00e9 et de nombreuses questions. Pour les rassurer, IBC organise les journ\u00e9es porte-ouvertes une &hellip;<\/p>\n<p class=\"read-more\"> <a class=\"\" href=\"https:\/\/integ-bilingual-college.com\/fr\/open-days\/\"> <span class=\"screen-reader-text\">They talk about us<\/span> Read More &raquo;<\/a><\/p>\n","protected":false},"author":1,"featured_media":0,"parent":0,"menu_order":0,"comment_status":"closed","ping_status":"closed","template":"","meta":{"site-sidebar-layout":"no-sidebar","site-content-layout":"page-builder","ast-main-header-display":"","ast-hfb-above-header-display":"","ast-hfb-below-header-display":"","ast-hfb-mobile-header-display":"","site-post-title":"disabled","ast-breadcrumbs-content":"","ast-featured-img":"disabled","footer-sml-layout":"","theme-transparent-header-meta":"default","adv-header-id-meta":"","stick-header-meta":"","header-above-stick-meta":"","header-main-stick-meta":"","header-below-stick-meta":""},"translation":{"provider":"WPGlobus","version":"2.8.8","language":"fr","enabled_languages":["en","fr"],"languages":{"en":{"title":true,"content":true,"excerpt":false},"fr":{"title":true,"content":true,"excerpt":false}}},"_links":{"self":[{"href":"https:\/\/integ-bilingual-college.com\/fr\/wp-json\/wp\/v2\/pages\/407"}],"collection":[{"href":"https:\/\/integ-bilingual-college.com\/fr\/wp-json\/wp\/v2\/pages"}],"about":[{"href":"https:\/\/integ-bilingual-college.com\/fr\/wp-json\/wp\/v2\/types\/page"}],"author":[{"embeddable":true,"href":"https:\/\/integ-bilingual-college.com\/fr\/wp-json\/wp\/v2\/users\/1"}],"replies":[{"embeddable":true,"href":"https:\/\/integ-bilingual-college.com\/fr\/wp-json\/wp\/v2\/comments?post=407"}],"version-history":[{"count":281,"href":"https:\/\/integ-bilingual-college.com\/fr\/wp-json\/wp\/v2\/pages\/407\/revisions"}],"predecessor-version":[{"id":3128,"href":"https:\/\/integ-bilingual-college.com\/fr\/wp-json\/wp\/v2\/pages\/407\/revisions\/3128"}],"wp:attachment":[{"href":"https:\/\/integ-bilingual-college.com\/fr\/wp-json\/wp\/v2\/media?parent=407"}],"curies":[{"name":"wp","href":"https:\/\/api.w.org\/{rel}","templated":true}]}}